{"id":26093,"date":"2025-12-03T04:00:14","date_gmt":"2025-12-03T04:00:14","guid":{"rendered":"https:\/\/tvornica.si\/?post_type=product&#038;p=26093"},"modified":"2025-12-03T04:02:05","modified_gmt":"2025-12-03T04:02:05","slug":"eva-gorisek-med-vetrovi","status":"publish","type":"product","link":"https:\/\/tvornica.si\/en\/product\/eva-gorisek-med-vetrovi\/","title":{"rendered":"Eva Gori\u0161ek &#8211; Med vetrovi"},"content":{"rendered":"<div class=\"woocommerce-product-details__short-description\">\n<p><strong>\u201cMed vetrovi\u201d<\/strong><\/p>\n<p>Olje na platnu<br \/>\n100 x 100 cm<\/p>\n<\/div>\n<div class=\"woocommerce-product-details__short-description\">\n<p><strong>Eva Gori\u0161ek<\/strong>, rojena leta 1986 v Sloveniji, \u017ee od zgodnjih let raziskuje povezavo med umetnostjo in njenim pou\u010devanjem. Po Umetni\u0161ki gimnaziji na Srednji \u0161oli za oblikovanje in fotografijo je na Pedago\u0161ki fakulteti v Ljubljani pridobila naziv profesorice likovne umetnosti. Danes deluje kot likovna pedagoginja in samostojna vizualna ustvarjalka. Nazadnje je razstavljala v Layerjevi hi\u0161i v Kranju, svojo samostojno razstavo pa bo predstavila tudi v Tvornici v Ljubljani.<\/p>\n<p><strong>O razstavi SLEDI SPOMINOV<\/strong><\/p>\n<p>Umetni\u010din opus predstavljajo geometrijske oblike, s katerimi je preizku\u0161ala vpliv mre\u017easte zamejitve prostora na barvo in njene poteze. S svojim pristopom je enodimenzionalno povr\u0161ino platna raz\u0161irila na prostor za njo, kjer primat povzame hitra, skorajda naklju\u010dna ekspresivna poteza debelo nane\u0161enih barvnih odtenkov, ki kr\u0161ijo zakonitosti strogo vzpostavljenega reda in enoli\u010dnosti dodajajo teksturo. Ritem je zgolj na videz v ospredju; iz ozadja stopajo v ospredje barvni impulzi, ki se raz\u0161irjajo po sicer navidezno urejeni pokrajini.<\/p>\n<p>Abstraktne forme v kasnej\u0161ih delih prehajajo v formo \u010dlove\u0161ke figure. Tokrat avtorica opazuje samo sebe in svojo otro\u0161ko podobo iz fotografij prenese na platno, s \u010dimer podobe aktualizira in umetni\u0161ko reinterpretira. Slikarska dela obarva z izrazito introspektivno noto. Prehod od abstraktnega k figurativnemu je hkrati izraz nostalgije, minevanja in ob\u010dutka \u010dasa, ki jo je v \u017eivljenju definiral in oblikoval. Avtorica spomine na otro\u0161tvo prepoji z izku\u0161njami sedanjosti ter med obdobji svojega \u017eivljenja ustvarja intimni dialog.<\/p>\n<p>Na razstavi nas umetnica vabi, da spremljamo njeno likovno odkrivanje zunanjega sveta, ki ga vse jasneje napolnjuje \u2013 in na koncu tudi prevzame \u2013 notranje do\u017eivetje.<\/p>\n<\/div>","protected":false},"excerpt":{"rendered":"<p><strong>\u201cMed vetrovi\u201d<\/strong><\/p>\n<p>Olje na platnu<br \/>\n100 x 100 cm<\/p>\n<h6>Prevzem in dostava<\/h6>\n<p>Umetnine lahko prevzamete v <strong>Prodajni galeriji TVORNICA na Trubarjevi 72, 1000 Ljubljana.<\/strong><br \/>\nPonujamo vam tudi mo\u017enost <strong>osebne dostave<\/strong> ali <strong>dostave preko Po\u0161te Slovenija<\/strong>. <strong>Za izra\u010dun dostave nas kontaktirajte<\/strong> na +386 40 656 939 ali na info@tvornica.si.<\/p>","protected":false},"featured_media":26073,"template":"","meta":[],"product_cat":[238],"product_tag":[255],"class_list":{"0":"post-26093","1":"product","2":"type-product","3":"status-publish","4":"has-post-thumbnail","6":"product_cat-platno","7":"product_tag-eva-gorisek","8":"product_shipping_class-moznost-osebne-dostave","10":"first","11":"instock","12":"shipping-taxable","13":"purchasable","14":"product-type-simple"},"_links":{"self":[{"href":"https:\/\/tvornica.si\/en\/wp-json\/wp\/v2\/product\/26093","targetHints":{"allow":["GET"]}}],"collection":[{"href":"https:\/\/tvornica.si\/en\/wp-json\/wp\/v2\/product"}],"about":[{"href":"https:\/\/tvornica.si\/en\/wp-json\/wp\/v2\/types\/product"}],"wp:featuredmedia":[{"embeddable":true,"href":"https:\/\/tvornica.si\/en\/wp-json\/wp\/v2\/media\/26073"}],"wp:attachment":[{"href":"https:\/\/tvornica.si\/en\/wp-json\/wp\/v2\/media?parent=26093"}],"wp:term":[{"taxonomy":"product_cat","embeddable":true,"href":"https:\/\/tvornica.si\/en\/wp-json\/wp\/v2\/product_cat?post=26093"},{"taxonomy":"product_tag","embeddable":true,"href":"https:\/\/tvornica.si\/en\/wp-json\/wp\/v2\/product_tag?post=26093"}],"curies":[{"name":"wp","href":"https:\/\/api.w.org\/{rel}","templated":true}]}}